{"id":3419,"date":"2016-02-27T12:16:37","date_gmt":"2016-02-27T11:16:37","guid":{"rendered":"http:\/\/www.teresianum.net\/?page_id=3419"},"modified":"2021-11-09T22:13:56","modified_gmt":"2021-11-09T21:13:56","slug":"emilio-martinez","status":"publish","type":"page","link":"https:\/\/www.teresianum.net\/en\/persone\/corpo-docente\/emilio-martinez\/","title":{"rendered":"Emilio Mart\u00ednez OCD"},"content":{"rendered":"<p><a href=\"https:\/\/www.teresianum.net\/emartinez2\/\" rel=\"attachment wp-att-7489\"><img loading=\"lazy\" decoding=\"async\" class=\"alignleft size-full wp-image-7489\" src=\"https:\/\/www.teresianum.net\/wp-content\/uploads\/2016\/11\/EMartinez2.jpg\" alt=\"EMartinez2\" width=\"200\" height=\"259\" \/><\/a>Pontificia Facolt\u00e0 Teologica <em>Teresianum<br \/>\n<\/em>Piazza San Pancrazio 5\/A<br \/>\n00152 Roma<br \/>\nItalia<\/p>\n<p>martinez@teresianum.net<\/p>\n<p>&nbsp;<\/p>\n<p>&nbsp;<\/p>\n<p>&nbsp;<\/p>\n<p>&nbsp;<\/p>\n<div id=\"symple-tab-1632\" class=\"symple-tabs\"><ul class=\"ui-tabs-nav symple-clearfix\"><li><a href=\"#symple-tab-persona\">Persona<\/a><\/li><li><a href=\"#symple-tab-pubblicazioni\">Pubblicazioni<\/a><\/li><li><a href=\"#symple-tab-insegnamento\">Insegnamento<\/a><\/li><\/ul>\n<div id=\"symple-tab-persona\" class=\"tab-content symple-clearfix \">\n<p><strong>Curriculum Vitae<\/strong><\/p>\n<p>Nato il 19 dicembre 1964 a Madrid (Spagna) ha fatto la professione nel Carmelo teresiano il 1 ottobre 1988. \u00c8 stato ordinato sacerdote il 23 aprile 1994. Dottore in Teologia morale presso l\u2019Istituto Superiore di Scienze Morali dell\u2019Universit\u00e0 Pontificia Comillas a Madrid. Professore nella <em>Facolt\u00e0 Teologica S. Esteban<\/em> (Salamanca, Spagna), e presso l\u2019<em>Istituto Superiore di Scienze Morali<\/em> e presso la Facolt\u00e0 di Teologia dell\u2019<em>Universit\u00e0 Pontificia Comillas<\/em> a Madrid. Professore di corsi straordinari nell\u2019<em>Universit\u00e0 Pontificia di Salamanca<\/em> e nell\u2019<em>Istituto di Spiritualit\u00e0 del Caraibi<\/em>, Santo Domingo, Repubblica Dominicana.<\/p>\n<p><strong>Campi di ricerca<\/strong><\/p>\n<p>S. Teresa di Ges\u00f9; <br \/>\nS. Giovanni della Croce; <br \/>\nS. Teresa di Ges\u00f9 Bambino. <br \/>\nTeologia della Preghiera. <br \/>\nAccompagnamento spirituale.<\/p>\n<h3>\u00a0<\/h3>\n<\/div>\n<div id=\"symple-tab-pubblicazioni\" class=\"tab-content symple-clearfix \">\n<p><strong>Bibliografia scelta<\/p>\n<p><\/strong><\/p>\n<p><strong>Libri<\/strong><\/p>\n<ul>\n<li><em>La ternura es el rostro de Dios<\/em>. <em>Teresa de Lisieux<\/em>, Editorial de Espiritualidad, Madrid 1997.<\/li>\n<li><em>Gandhi<\/em>.<em> Experiencia de Dios y exigencia \u00e9tica<\/em>, Descl\u00e9e de Brouwer, Bilbao 1999.<\/li>\n<li><em>Tras las huellas de Juan de la Cruz. Nueva biograf\u00eda<\/em>, Editorial de Espiritualidad, Madrid 2006 (tradotto al francese: <em>Sur les traces de Jean de la Croix<\/em>, Cerf 2009).<\/li>\n<li><em>Entro en ti para transformarte en m\u00ed. Patrimonio espiritual de la Madre Julia Navarrete Guerrero<\/em>, MHPVM, Ciudad de M\u00e9xico 2018.<\/li>\n<\/ul>\n<p><strong>Libri curati<\/strong><\/p>\n<ul>\n<li><em>Teresa de Lisieux. Profeta de Dios, doctora de la Iglesia<\/em>, Universidad Pontificia de Salamanca \u2013 Centro Internacional de \u00c1vila, Salamanca 1999.<\/li>\n<\/ul>\n<p><strong>Articoli in riviste e opere collettive<\/strong><\/p>\n<ul>\n<li><em>San Juan de la Cruz: para una recreaci\u00f3n del humanismo renacentista m\u00e1s all\u00e1 de la modernidad<\/em>, Revista de Espiritualidad 59\u00a0(2000) 335-372.<\/li>\n<li><em>Transformaci\u00f3n m\u00edstica y compromiso \u00e9tico. San Juan de la Cruz<\/em>, Revista de Espiritualidad 65 (2006) 395-528.<\/li>\n<li><em>Hacia una Teolog\u00eda de la oraci\u00f3n cristiana. Una visi\u00f3n postconciliar<\/em>, Revista de Espiritualidad 66 (2007) 295-326.<\/li>\n<li><em>Mira, est\u00e1 en oraci\u00f3n (Hch 9,11). San Pablo, orante cristiano<\/em>, Revista de Espiritualidad 67 (2008) 183-204.<\/li>\n<li><em>Juan de la Cruz, cantor de amores divinos<\/em>, Revista de Espiritualidad 67 (2008) 443-465.<\/li>\n<li><em>Teresa fundadora: ayer y hoy de un proyecto necesario<\/em>, en: F. Javier Sancho \u2013 R\u00f3mulo Cuartas, <em>El libro de las Fundaciones de Santa Teresa de Jes\u00fas<\/em>, Monte Carmelo \u2013 Universidad de la M\u00edstica \u2013 CITeS, Burgos 2013, 19-40.<\/li>\n<li><em>Valor espiritual de un Centenario<\/em>, en: Jes\u00fas Garc\u00eda Rojo, <em>Teresa de Jes\u00fas. V Centenario de su nacimiento. Historia, Literatura y Pensamiento<\/em>, Diputaci\u00f3n de Salamanca, Salamanca 2015, 361-383.<\/li>\n<li><em>Teresa de Jes\u00fas: transmitir su experiencia, palabra y magisterio teol\u00f3gico-espiritual<\/em>, Teresianum 69 (2018\/1) 199-235.<\/li>\n<li><em>L\u2019esperienza della gioia tramite lo Spirito nell\u2019unione con Dio (Teresa d\u2019Avila), <\/em>Rivista di Vita Spirituale 72 (2018) 427-443.<\/li>\n<li><em>Pregare: dal gemito al ricordo: San Giovanni della Croce<\/em>, Teresianum 70 (2019\/2) 459-505.<\/li>\n<li><em>\u201cSiempre veo el lado bueno de las cosas\u201d. Afrontar la enfermedad con Teresa de Lisieux<\/em>, Revista de Espiritualidad 78 (2019) 527-557.<\/li>\n<li><em>Dio si comunica all\u2019uomo. Lettura e commento dei capitoli 17-22 del secondo libro della Salita del Monte Carmelo di Giovanni della Croce, <\/em>Rivista di Vita Spirituale 74 (2020) 75-93.<\/li>\n<li><em>San Giovanni Paolo II studioso di san Giovanni della Croce. La tesi dottorale di K. Wojti\u0142a, <\/em>Rivista di Vita Spirituale 74 (2020) 435-447.<\/li>\n<\/ul>\n<p>&nbsp;<\/p>\n<\/div>\n<div id=\"symple-tab-insegnamento\" class=\"tab-content symple-clearfix \">\n<p><strong>Anno Accademico 2025\/2026<\/strong><\/p>\n<table class=\"cw2m_corsiperdocente\" style=\"font-size: 13pt; width:100%; border:1px solid black; cell-padding:10px; cell-spacing: 5px;\"><tr style=\"background-color: #134b72; color: white;\"><td style=\"border: 1px solid black; padding: 5px;\">SIGLA<\/td><td style=\"border: 1px solid black; padding: 5px;\">DESCRIZIONE<\/td><td style=\"border: 1px solid black; padding: 5px;\">SEMESTRE<\/td><\/tr><tr><td style=\"border: 1px solid black; padding: 5px;\"><a target=\"_blank\" href=\"\/LINGUA S            \">LINGUA S            <\/a><\/td><td style=\"border: 1px solid black; padding: 5px;\"><a target=\"_blank\" href=\"\/LINGUA S            \">LINGUA: SPAGNOLO<\/a><\/td><td style=\"border: 1px solid black; padding: 5px;\">Secondo<\/td><\/tr><tr><td style=\"border: 1px solid black; padding: 5px;\"><a target=\"_blank\" href=\"\/CAS00               \">CAS00               <\/a><\/td><td style=\"border: 1px solid black; padding: 5px;\"><a target=\"_blank\" href=\"\/CAS00               \">INTRODUZIONE GENERALE AL CORSO DI ACCOMPAGNAMENTO SPIRITUALE<\/a><\/td><td style=\"border: 1px solid black; padding: 5px;\">Primo<\/td><\/tr><tr><td style=\"border: 1px solid black; padding: 5px;\"><a target=\"_blank\" href=\"\/OCS01               \">OCS01               <\/a><\/td><td style=\"border: 1px solid black; padding: 5px;\"><a target=\"_blank\" href=\"\/OCS01               \">INTRODUZIONE ALLA TEOLOGIA SPIRITUALE<\/a><\/td><td style=\"border: 1px solid black; padding: 5px;\">Primo<\/td><\/tr><tr><td style=\"border: 1px solid black; padding: 5px;\"><a target=\"_blank\" href=\"\/OCTE01              \">OCTE01              <\/a><\/td><td style=\"border: 1px solid black; padding: 5px;\"><a target=\"_blank\" href=\"\/OCTE01              \">INTRODUCCI\u00d3N A LA TEOLOG\u00cdA ESPIRITUAL <\/a><\/td><td style=\"border: 1px solid black; padding: 5px;\">Primo<\/td><\/tr><tr><td style=\"border: 1px solid black; padding: 5px;\"><a target=\"_blank\" href=\"\/SC01                \">SC01                <\/a><\/td><td style=\"border: 1px solid black; padding: 5px;\"><a target=\"_blank\" href=\"\/SC01                \">IL CAMMINO DI SANTA TERESA: COMUNIT\u00c0 E VITA CRISTIANA<\/a><\/td><td style=\"border: 1px solid black; padding: 5px;\">Primo<\/td><\/tr><tr><td style=\"border: 1px solid black; padding: 5px;\"><a target=\"_blank\" href=\"\/SP1010              \">SP1010              <\/a><\/td><td style=\"border: 1px solid black; padding: 5px;\"><a target=\"_blank\" href=\"\/SP1010              \">INTRODUZIONE ALLA TEOLOGIA SPIRITUALE<\/a><\/td><td style=\"border: 1px solid black; padding: 5px;\">Primo<\/td><\/tr><tr><td style=\"border: 1px solid black; padding: 5px;\"><a target=\"_blank\" href=\"\/CTS68               \">CTS68               <\/a><\/td><td style=\"border: 1px solid black; padding: 5px;\"><a target=\"_blank\" href=\"\/CTS68               \">LETTURA ACCOMPAGNATA: SPINTI AD AMARE. IL LIBRO DELLA VITA DI SANTA TERESA D?AVILA<\/a><\/td><td style=\"border: 1px solid black; padding: 5px;\">Secondo<\/td><\/tr><tr><td style=\"border: 1px solid black; padding: 5px;\"><a target=\"_blank\" href=\"\/OCS13               \">OCS13               <\/a><\/td><td style=\"border: 1px solid black; padding: 5px;\"><a target=\"_blank\" href=\"\/OCS13               \">SANTA TERESA DI GES\u00d9<\/a><\/td><td style=\"border: 1px solid black; padding: 5px;\">Secondo<\/td><\/tr><tr><td style=\"border: 1px solid black; padding: 5px;\"><a target=\"_blank\" href=\"\/SP1091              \">SP1091              <\/a><\/td><td style=\"border: 1px solid black; padding: 5px;\"><a target=\"_blank\" href=\"\/SP1091              \">DIREZIONE, DISCERNIMENTO SPIRITUALE E MISTAGOGIA<\/a><\/td><td style=\"border: 1px solid black; padding: 5px;\">Secondo<\/td><\/tr><\/table>\n<\/div>\n<\/div>","protected":false},"excerpt":{"rendered":"<p>Pontificia Facolt\u00e0 Teologica Teresianum Piazza San Pancrazio 5\/A 00152 Roma Italia martinez@teresianum.net &nbsp; &nbsp; &nbsp; &nbsp;<\/p>\n","protected":false},"author":2,"featured_media":0,"parent":339,"menu_order":0,"comment_status":"closed","ping_status":"closed","template":"","meta":{"footnotes":""},"_links":{"self":[{"href":"https:\/\/www.teresianum.net\/en\/wp-json\/wp\/v2\/pages\/3419"}],"collection":[{"href":"https:\/\/www.teresianum.net\/en\/wp-json\/wp\/v2\/pages"}],"about":[{"href":"https:\/\/www.teresianum.net\/en\/wp-json\/wp\/v2\/types\/page"}],"author":[{"embeddable":true,"href":"https:\/\/www.teresianum.net\/en\/wp-json\/wp\/v2\/users\/2"}],"replies":[{"embeddable":true,"href":"https:\/\/www.teresianum.net\/en\/wp-json\/wp\/v2\/comments?post=3419"}],"version-history":[{"count":15,"href":"https:\/\/www.teresianum.net\/en\/wp-json\/wp\/v2\/pages\/3419\/revisions"}],"predecessor-version":[{"id":22533,"href":"https:\/\/www.teresianum.net\/en\/wp-json\/wp\/v2\/pages\/3419\/revisions\/22533"}],"up":[{"embeddable":true,"href":"https:\/\/www.teresianum.net\/en\/wp-json\/wp\/v2\/pages\/339"}],"wp:attachment":[{"href":"https:\/\/www.teresianum.net\/en\/wp-json\/wp\/v2\/media?parent=3419"}],"curies":[{"name":"wp","href":"https:\/\/api.w.org\/{rel}","templated":true}]}}