{"id":24659,"date":"2023-07-26T16:58:23","date_gmt":"2023-07-26T14:58:23","guid":{"rendered":"https:\/\/www.teresianum.net\/?page_id=24659"},"modified":"2023-08-02T13:06:56","modified_gmt":"2023-08-02T11:06:56","slug":"curriculum","status":"publish","type":"page","link":"https:\/\/www.teresianum.net\/en\/diploma-di-specializzazione-biennale-in-teologia-spirituale\/curriculum\/","title":{"rendered":"Curriculum"},"content":{"rendered":"<p class=\"qtranxs-available-languages-message qtranxs-available-languages-message-en\"> <p><strong>Corsi di iniziazione teologica<\/strong><\/p>\n<p>\u00c8 possibile seguire questi corsi nel primo ciclo di teologia al <em>Teresianum<\/em> durante i primi tre semestri del biennio del Diploma di specializzazione. Tramite l\u2019accordo CRUIPRO, \u00e8 anche possibile seguire non pi\u00f9 di due corsi all\u2019anno in un\u2019altra Istituzione Pontificia Romana. Per Studenti che hanno gi\u00e0 studiato teologia (senza raggiungere baccalaureato canonico) \u00e8 possibile ottenere delle equivalenze.<\/p>\n<table style=\"border-collapse: collapse; width: 100%; height: 120px;\">\n<tbody>\n<tr style=\"border-top: 1px solid #cccccc; border-bottom: 1px solid #cccccc;\">\n<td style=\"height: 24px;\">Due corsi di teologia biblica a scelta<\/td>\n<td style=\"text-align: right; height: 24px;\">6 ECTS<\/td>\n<\/tr>\n<tr style=\"border-bottom: 1px solid #cccccc;\">\n<td style=\"width: 43.5099%; height: 24px;\">Tre corsi di teologia fondamentale e dogmatica<\/td>\n<td style=\"width: 5.07614%; text-align: right; height: 24px;\">9 ECTS<\/td>\n<\/tr>\n<tr style=\"border-bottom: 1px solid #cccccc;\">\n<td style=\"width: 43.5099%; height: 24px;\">Un corso di teologia morale a scelta<\/td>\n<td style=\"width: 5.07614%; text-align: right; height: 24px;\">3 ECTS<\/td>\n<\/tr>\n<tr style=\"border-top: 1px solid #cccccc; border-bottom: 1px solid #cccccc;\">\n<td style=\"height: 24px;\">Un corso del ciclo istituzionale a scelta<\/td>\n<td style=\"width: 5.07614%; text-align: right; height: 24px;\">3 ECTS<\/td>\n<\/tr>\n<tr style=\"height: 24px;\">\n<td style=\"height: 24px;\"><strong>Totale\u00a0\u00a0\u00a0\u00a0\u00a0\u00a0\u00a0\u00a0\u00a0\u00a0\u00a0\u00a0\u00a0\u00a0\u00a0\u00a0\u00a0\u00a0\u00a0\u00a0\u00a0\u00a0\u00a0\u00a0\u00a0\u00a0\u00a0\u00a0\u00a0\u00a0\u00a0\u00a0\u00a0\u00a0\u00a0\u00a0\u00a0\u00a0\u00a0\u00a0\u00a0\u00a0\u00a0\u00a0\u00a0\u00a0\u00a0\u00a0\u00a0\u00a0\u00a0\u00a0\u00a0\u00a0\u00a0\u00a0\u00a0\u00a0\u00a0\u00a0\u00a0\u00a0\u00a0\u00a0\u00a0\u00a0\u00a0\u00a0\u00a0\u00a0\u00a0\u00a0\u00a0\u00a0\u00a0\u00a0\u00a0\u00a0\u00a0\u00a0\u00a0\u00a0\u00a0\u00a0\u00a0\u00a0\u00a0\u00a0\u00a0\u00a0\u00a0\u00a0\u00a0\u00a0\u00a0\u00a0\u00a0\u00a0\u00a0\u00a0\u00a0\u00a0\u00a0\u00a0\u00a0\u00a0\u00a0\u00a0\u00a0\u00a0\u00a0\u00a0\u00a0\u00a0\u00a0\u00a0\u00a0\u00a0\u00a0\u00a0\u00a0\u00a0\u00a0\u00a0 <\/strong><\/td>\n<td style=\"text-align: right; height: 24px;\"><strong>21 ECTS<\/strong><\/td>\n<\/tr>\n<\/tbody>\n<\/table>\n<h4><strong>Corsi prescritti<\/strong><\/h4>\n<p><strong>1. Metodi<em> (corsi annuali)<\/em><\/strong><\/p>\n<table style=\"border-collapse: collapse; width: 100.086%; height: 112px;\">\n<tbody>\n<tr style=\"border-top: 1px solid #cccccc; border-bottom: 1px solid #cccccc;\">\n<td style=\"width: 12.0818%; height: 56px;\">\n<p>SP1002<\/p>\n<\/td>\n<td style=\"text-align: justify; width: 77.3234%; height: 56px;\"><strong>Metodologia del lavoro scientifico<\/strong> <br \/>\n<em>Iacopo Iadarola<\/em><\/td>\n<td style=\"text-align: right; width: 156.925%; height: 56px;\">5 ECTS<\/td>\n<\/tr>\n<tr style=\"border-top: 1px solid #cccccc; border-bottom: 1px solid #cccccc;\">\n<td style=\"width: 12.0818%; height: 56px;\">\n<p>SP1010<\/p>\n<\/td>\n<td style=\"width: 77.3234%; text-align: justify; height: 56px;\"><strong>Introduzione alla Teologia Spirituale<br \/>\n<\/strong>Emilio Jos\u00e9 Mart\u00ednez Gonz\u00e1lez<\/td>\n<td style=\"width: 156.925%; text-align: right; height: 56px;\">3 ECTS<\/td>\n<\/tr>\n<\/tbody>\n<\/table>\n<p>&nbsp;<\/p>\n<p><strong>2. Fondamenti (corsi ciclici)<\/strong><\/p>\n<table style=\"border-collapse: collapse; width: 100%; height: 166px;\">\n<tbody>\n<tr style=\"border-top: 1px solid #cccccc; border-bottom: 1px solid #cccccc;\">\n<td style=\"height: 13px; width: 12.0377%;\">\n<p><a href=\"\/specializzazione-in-antropologia-teologica\/ciclo-per-la-licenza\/curriculum-di-studio\/ap1010-antropologia-teologica-fondamentale\/\" target=\"_blank\" rel=\"noopener\">AP1010<\/a><\/p>\n<\/td>\n<td style=\"width: 77.5761%; height: 13px; text-align: justify;\"><a href=\"\/specializzazione-in-antropologia-teologica\/ciclo-per-la-licenza\/curriculum-di-studio\/ap1010-antropologia-teologica-fondamentale\/\" target=\"_blank\" rel=\"noopener\"><strong>Antropologia teologica fondamentale<\/strong><\/a> <br \/>\n<em>Prof. Christof Betschart<\/em><\/td>\n<td style=\"width: 10.3857%; height: 13px; text-align: right;\">3 ECTS<\/td>\n<\/tr>\n<tr style=\"border-top: 1px solid #cccccc; border-bottom: 1px solid #cccccc;\">\n<td style=\"width: 12.0377%; height: 10px;\">SP1021<\/td>\n<td style=\"width: 77.5761%; height: 10px; text-align: justify;\"><strong>Parola di Dio e Teologia Spirituale: Deus dixit <br \/>\n<\/strong><em>Lukasz Strzyz-Steinert<\/em><\/td>\n<td style=\"width: 10.3857%; height: 10px; text-align: right;\">3 ECTS<\/td>\n<\/tr>\n<tr style=\"border-bottom: 1px solid #cccccc;\">\n<td style=\"width: 12.0377%; height: 24px;\">SP1022<\/td>\n<td style=\"width: 77.5761%; text-align: justify; height: 24px;\"><strong>Ges\u00f9 Cristo il Risorto: chiave della Teologia Spirituale<\/strong><br \/>\n<em>Iain Matthew<\/em><\/td>\n<td style=\"width: 10.3857%; text-align: right; height: 24px;\">3 ECTS\u00a0<\/td>\n<\/tr>\n<tr style=\"border-bottom: 1px solid #cccccc;\">\n<td style=\"width: 12.0377%; height: 24px;\">SP1200<\/td>\n<td style=\"width: 77.5761%; text-align: justify; height: 24px;\"><strong> L\u2019agire e la presenza della Trinit\u00e0 nell\u2019economia della grazia<\/strong><br \/>\n<em>Denis Chardonnens<\/em><\/td>\n<td style=\"width: 10.3857%; text-align: right; height: 24px;\">3 ECTS\u00a0<\/td>\n<\/tr>\n<tr style=\"border-bottom: 1px solid #cccccc;\">\n<td style=\"width: 12.0377%; height: 24px;\">SP1071<\/td>\n<td style=\"width: 77.5761%; text-align: justify; height: 24px;\"><strong> Spiritualit\u00e0 liturgica<\/strong><br \/>\n<em>Val\u00e9ry Bitar<\/em><\/td>\n<td style=\"width: 10.3857%; text-align: right; height: 24px;\">3 ECTS<\/td>\n<\/tr>\n<\/tbody>\n<\/table>\n<p>&nbsp;<\/p>\n<p><strong>3. Contesti e dinamiche di trasformazione (corsi ciclici)<\/strong><\/p>\n<table style=\"border-collapse: collapse; width: 100.131%; height: 239px;\">\n<tbody>\n<tr style=\"border-top: 1px solid #cccccc; border-bottom: 1px solid #cccccc;\">\n<td style=\"height: 13px; width: 12.0377%;\">SP1024<\/td>\n<td style=\"width: 77.5761%; height: 13px; text-align: justify;\"><strong>Processo di trasformazione spirituale in Cristo<\/strong><br \/>\n<em>Raffaele Di Muro<\/em><\/td>\n<td style=\"width: 11.4098%; height: 13px; text-align: right;\">3 ECTS<\/td>\n<\/tr>\n<tr style=\"border-top: 1px solid #cccccc; border-bottom: 1px solid #cccccc;\">\n<td style=\"width: 12.0377%; height: 10px;\">SP1025<\/td>\n<td style=\"width: 77.5761%; height: 10px; text-align: justify;\"><strong>Forma mariana della spiritualit\u00e0 cristiana<\/strong><br \/>\n<em>Adrian Attard<\/em><\/td>\n<td style=\"width: 11.4098%; height: 10px; text-align: right;\">3 ECTS<\/td>\n<\/tr>\n<tr style=\"border-bottom: 1px solid #cccccc;\">\n<td style=\"width: 12.0377%; height: 24px;\">SP1026<\/td>\n<td style=\"width: 77.5761%; text-align: justify; height: 24px;\"><strong>Forme di vita cristiana: laicale, sacerdotale e consacrata<\/strong><br \/>\n<em>Giovanni Grosso<\/em><\/td>\n<td style=\"width: 11.4098%; text-align: right; height: 24px;\">3 ECTS<\/td>\n<\/tr>\n<tr style=\"border-bottom: 1px solid #cccccc;\">\n<td style=\"width: 12.0377%; height: 24px;\">SP1100<\/td>\n<td style=\"width: 77.5761%; text-align: justify; height: 24px;\"><strong> Spiritualit\u00e0 patristica<\/strong><br \/>\n<em>Val\u00e9ry Bitar<\/em><\/td>\n<td style=\"width: 11.4098%; text-align: right; height: 24px;\">3 ECTS<\/td>\n<\/tr>\n<tr style=\"border-bottom: 1px solid #cccccc;\">\n<td style=\"width: 12.0377%; height: 24px;\">SP1101<\/td>\n<td style=\"width: 77.5761%; text-align: justify; height: 24px;\"><strong>Storia della spiritualit\u00e0: dall\u2019epoca tardo-antica all\u2019inizio dell\u2019et\u00e0 moderna<\/strong><br \/>\n<em>Silvano Giordano<\/em><\/td>\n<td style=\"width: 11.4098%; text-align: right; height: 24px;\">3 ECTS<\/td>\n<\/tr>\n<tr style=\"border-top: 1px solid #cccccc; border-bottom: 1px solid #cccccc;\">\n<td style=\"width: 12.0377%; height: 48px;\">SP1114<\/td>\n<td style=\"width: 77.5761%; text-align: justify; height: 48px;\"><strong>Storia della spiritualit\u00e0 moderna e contemporanea<\/strong><br \/>\n<em>Silvano Giordano<\/em><\/td>\n<td style=\"width: 11.4098%; text-align: right; height: 48px;\">3 ECTS<\/td>\n<\/tr>\n<tr style=\"border-top: 1px solid #cccccc; border-bottom: 1px solid #cccccc;\">\n<td style=\"width: 12.0377%; height: 48px;\">SP1172<\/td>\n<td style=\"width: 77.5761%; text-align: justify; height: 48px;\"><strong>Santa Teresa di Ges\u00f9<\/strong><br \/>\n<em>Emilio Jos\u00e9 Mart\u00ednez Gonz\u00e1lez<\/em><\/td>\n<td style=\"width: 11.4098%; text-align: right; height: 48px;\">3 ECTS<\/td>\n<\/tr>\n<tr style=\"border-top: 1px solid #cccccc; border-bottom: 1px solid #cccccc;\">\n<td style=\"width: 12.0377%; height: 48px;\">SP1180<\/td>\n<td style=\"width: 77.5761%; text-align: justify; height: 48px;\"><strong>San Giovanni della Croce<\/strong><br \/>\n<em>Iain Matthew<\/em><\/td>\n<td style=\"width: 11.4098%; text-align: right; height: 48px;\">3 ECTS<\/td>\n<\/tr>\n<\/tbody>\n<\/table>\n<p>&nbsp;<\/p>\n<p><strong>4. Pedagogia e pastorale della vita spirituale (corso ciclico)<\/strong><\/p>\n<table style=\"border-collapse: collapse; width: 100.131%; height: 10px;\">\n<tbody>\n<tr style=\"border-top: 1px solid #cccccc; border-bottom: 1px solid #cccccc;\">\n<td style=\"width: 12.0377%; height: 10px;\">SP1091<\/td>\n<td style=\"width: 77.5761%; text-align: justify; height: 10px;\"><strong>Direzione, discernimento spirituale e mistagogia<\/strong><br \/>\n<em>Emilio Jos\u00e9 Mart\u00ednez Gonz\u00e1lez<\/em><\/td>\n<td style=\"width: 11.4098%; text-align: right; height: 10px;\">3 ECTS<\/td>\n<\/tr>\n<\/tbody>\n<\/table>\n<p>&nbsp;<\/p>\n<table style=\"border-collapse: collapse; width: 100.131%; height: 10px;\">\n<tbody>\n<tr style=\"border-top: 1px solid #cccccc;\">\n<td style=\"width: 12.0377%; height: 10px;\"><strong>Totale corsi prescritti<\/strong><\/td>\n<td style=\"width: 11.4098%; text-align: right; height: 10px;\"><strong>50 ECTS<\/strong><\/td>\n<\/tr>\n<\/tbody>\n<\/table>\n<p>&nbsp;<\/p>\n<p><strong>Corsi opzionali<\/strong><\/p>\n<table style=\"border-collapse: collapse; width: 100%;\">\n<tbody>\n<tr style=\"border-top: 1px solid #cccccc; border-bottom: 1px solid #cccccc;\">\n<td style=\"width: 90.1015%;\">Ogni anno vengono proposti diversi corsi opzionali. Un corso opzionale pu\u00f2 essere sostituito dalla partecipazione a due Settimane di Spiritualit\u00e0 (una ogni anno).<\/td>\n<td style=\"width: 9.89848%; text-align: right;\">17 ECTS<\/td>\n<\/tr>\n<\/tbody>\n<\/table>\n<p>&nbsp;<\/p>\n<p><strong>Seminari<\/strong><\/p>\n<table style=\"border-collapse: collapse; width: 100%; height: 24px;\">\n<tbody>\n<tr style=\"border-top: 1px solid #cccccc; border-bottom: 1px solid #cccccc;\">\n<td style=\"width: 90.1015%; height: 24px;\">Ogni Studente sceglie due seminari nei primi tre semestri.<\/td>\n<td style=\"width: 9.89848%; text-align: right; height: 24px;\">8 ECTS<\/td>\n<\/tr>\n<\/tbody>\n<\/table>\n<p>&nbsp;<\/p>\n<table style=\"border-collapse: collapse; width: 100%;\">\n<tbody>\n<tr style=\"border-top: 1px solid #cccccc; border-bottom: 1px solid #cccccc;\">\n<td style=\"width: 90.3916%;\"><strong>Dissertazione (40-60 pagine)\u00a0<\/strong>\u00a0\u00a0\u00a0\u00a0\u00a0\u00a0\u00a0\u00a0<\/td>\n<td style=\"width: 9.60841%; text-align: right;\">14 ECTS<\/td>\n<\/tr>\n<\/tbody>\n<\/table>\n<p>&nbsp;<\/p>\n<table style=\"border-collapse: collapse; width: 100%; height: 24px;\">\n<tbody>\n<tr style=\"border-top: 1px solid #cccccc; border-bottom: 1px solid #cccccc;\">\n<td style=\"width: 90.3916%; height: 24px;\"><strong><em>Lectio coram<\/em><\/strong><\/td>\n<td style=\"width: 9.60841%; text-align: right; height: 24px;\">10 ECTS<\/td>\n<\/tr>\n<\/tbody>\n<\/table>\n<p>&nbsp;<\/p>\n<table style=\"border-collapse: collapse; width: 100%;\">\n<tbody>\n<tr style=\"border-top: 1px solid #cccccc; border-bottom: 1px solid #cccccc;\">\n<td style=\"width: 90.3916%;\"><strong>Totale del Biennio<\/strong><\/td>\n<td style=\"width: 9.60841%; text-align: right;\"><strong>120 ECTS<\/strong><\/td>\n<\/tr>\n<\/tbody>\n<\/table>\n<p>&nbsp;<\/p>","protected":false},"excerpt":{"rendered":"<p>Corsi di iniziazione teologica \u00c8 possibile seguire questi corsi nel primo ciclo di teologia al Teresianum durante i primi tre [&hellip;]<\/p>\n","protected":false},"author":2,"featured_media":0,"parent":24592,"menu_order":0,"comment_status":"closed","ping_status":"closed","template":"page-specializzazioneteologiaspirituale.php","meta":{"footnotes":""},"_links":{"self":[{"href":"https:\/\/www.teresianum.net\/en\/wp-json\/wp\/v2\/pages\/24659"}],"collection":[{"href":"https:\/\/www.teresianum.net\/en\/wp-json\/wp\/v2\/pages"}],"about":[{"href":"https:\/\/www.teresianum.net\/en\/wp-json\/wp\/v2\/types\/page"}],"author":[{"embeddable":true,"href":"https:\/\/www.teresianum.net\/en\/wp-json\/wp\/v2\/users\/2"}],"replies":[{"embeddable":true,"href":"https:\/\/www.teresianum.net\/en\/wp-json\/wp\/v2\/comments?post=24659"}],"version-history":[{"count":6,"href":"https:\/\/www.teresianum.net\/en\/wp-json\/wp\/v2\/pages\/24659\/revisions"}],"predecessor-version":[{"id":24665,"href":"https:\/\/www.teresianum.net\/en\/wp-json\/wp\/v2\/pages\/24659\/revisions\/24665"}],"up":[{"embeddable":true,"href":"https:\/\/www.teresianum.net\/en\/wp-json\/wp\/v2\/pages\/24592"}],"wp:attachment":[{"href":"https:\/\/www.teresianum.net\/en\/wp-json\/wp\/v2\/media?parent=24659"}],"curies":[{"name":"wp","href":"https:\/\/api.w.org\/{rel}","templated":true}]}}