{"id":20672,"date":"2021-07-24T10:02:37","date_gmt":"2021-07-24T08:02:37","guid":{"rendered":"http:\/\/www.teresianum.net\/?page_id=20672"},"modified":"2026-03-23T11:50:48","modified_gmt":"2026-03-23T10:50:48","slug":"tesi-in-corso","status":"publish","type":"page","link":"https:\/\/www.teresianum.net\/en\/specializzazione-in-teologia-spirituale\/ciclo-per-il-dottorato\/tesi-in-corso\/","title":{"rendered":"Doctoral thesis in progress"},"content":{"rendered":"[vc_row][vc_column][vc_column_text]\n<p>&nbsp;<\/p>\n<table style=\"width: 100%; height: 559px;\">\n<tbody>\n<tr style=\"border: 1px solid #cccccc;\">\n<td style=\"border: 1px solid #cccccc; padding: 5px; vertical-align: middle; text-align: center; width: 12.5161%; height: 24px;\">Starting Date<\/td>\n<td style=\"border: 1px solid #cccccc; padding: 5px; vertical-align: middle; text-align: center; width: 24.6306%; height: 24px;\">Student Name<\/td>\n<td style=\"border: 1px solid #cccccc; padding: 5px; vertical-align: middle; text-align: center; width: 62.4016%; height: 24px;\">Dissertation Title<\/td>\n<\/tr>\n<tr style=\"height: 24px;\">\n<td style=\"border: 1px solid #cccccc; padding: 5px; width: 12.5161%; height: 24px;\">12\/10\/2022<\/td>\n<td style=\"border: 1px solid #cccccc; padding: 5px; width: 24.6306%; height: 24px;\">Bertrand RAFENOMBOLAMANANA HARISON<\/td>\n<td style=\"border: 1px solid #cccccc; padding: 5px; width: 62.4016%; text-align: left; height: 24px;\">Camminare insieme verso la santit\u00e0 con e nella Divina Misericordia. Il contributo di sant\u2019Alfonso Maria de\u2019Liguori.<\/td>\n<\/tr>\n<tr style=\"height: 24px;\">\n<td style=\"border: 1px solid #cccccc; padding: 5px; width: 12.5161%; height: 24px;\">30\/09\/2022<\/td>\n<td style=\"border: 1px solid #cccccc; padding: 5px; width: 24.6306%; height: 24px;\">Julio ALMANSA CALERO<\/td>\n<td style=\"border: 1px solid #cccccc; padding: 5px; width: 62.4016%; text-align: left; height: 24px;\">Teresa de Jes\u00fas: una pastoral de la vida espiritual en las Fundaciones y en las Cartas pautas para el cristiano de hoy.<\/td>\n<\/tr>\n<tr style=\"height: 24px;\">\n<td style=\"border: 1px solid #cccccc; padding: 5px; width: 12.5161%; height: 24px;\">18\/05\/2022<\/td>\n<td style=\"border: 1px solid #cccccc; padding: 5px; width: 24.6306%; height: 24px;\">Fr\u00e9d\u00e9ric BUTTIGIEG<\/td>\n<td style=\"border: 1px solid #cccccc; padding: 5px; width: 62.4016%; text-align: left; height: 24px;\">L&#8217;oraison et la croix dans l&#8217;oeuvre th\u00e9r\u00e9sienne. Une invitation au voyage vers Celui qui est (Ex 3,14).<\/td>\n<\/tr>\n<tr style=\"height: 24px;\">\n<td style=\"border: 1px solid #cccccc; padding: 5px; width: 12.5161%; height: 24px;\">02\/05\/2022<\/td>\n<td style=\"border: 1px solid #cccccc; padding: 5px; width: 24.6306%; height: 24px;\">Andrea Carolina CANALES EMODY<\/td>\n<td style=\"border: 1px solid #cccccc; padding: 5px; width: 62.4016%; text-align: left; height: 24px;\">\u00ab\u201dY parece moverse \u00c9l en ellas y ellas con \u00c9l con movimiento continuo (Ll 4,7)\u201d. La noci\u00f3n del movimineto en Juan de la Cruz\u00bb. Una aproximaci\u00f3n teol\u00f3gico-espiritual al dinamismo de divinizaci\u00f3n de la persona humana.<\/td>\n<\/tr>\n<tr style=\"height: 24px;\">\n<td style=\"border: 1px solid #cccccc; padding: 5px; width: 12.5161%; height: 24px;\">24\/11\/2021<\/td>\n<td style=\"border: 1px solid #cccccc; padding: 5px; width: 24.6306%; height: 24px;\">Iacopo IADAROLA<\/td>\n<td style=\"border: 1px solid #cccccc; padding: 5px; width: 62.4016%; text-align: left; height: 24px;\">Le delizie della Sapienza. Teresa di Ges\u00f9 e le sue relazioni affettive.<\/td>\n<\/tr>\n<tr style=\"height: 48px;\">\n<td style=\"border: 1px solid #cccccc; padding: 5px; width: 12.5161%; height: 48px;\">4\/12\/2020<\/td>\n<td style=\"border: 1px solid #cccccc; padding: 5px; width: 24.6306%; height: 48px;\">Joseph Terlumun AKAASHIMA<\/td>\n<td style=\"border: 1px solid #cccccc; padding: 5px; width: 62.4016%; text-align: left; height: 48px;\">Spiritual Accompaniment In The Mission Of The Family Among The Tiv Of Gboko Diocese, Nigeria: A Comparative Study Of Familiaris Consortio And Amoris Laetitia.<\/td>\n<\/tr>\n<tr style=\"height: 24px;\">\n<td style=\"border: 1px solid #cccccc; padding: 5px; width: 12.5161%; height: 24px;\">5\/10\/2020<\/td>\n<td style=\"border: 1px solid #cccccc; padding: 5px; width: 24.6306%; height: 24px;\">Godfrey ONAH OLIVER<\/td>\n<td style=\"border: 1px solid #cccccc; padding: 5px; width: 62.4016%; text-align: left; height: 24px;\">Interior Life As Condition For Effective Pastoral, A Critical Study Of The Pastoral Ministry Of St. John Mary Vianney As Inspiration For Spiritual Formation Of Nigerian Seminarians.<\/td>\n<\/tr>\n<tr style=\"height: 48px;\">\n<td style=\"border: 1px solid #cccccc; padding: 5px; width: 12.5161%; height: 48px;\">30\/09\/2020<\/td>\n<td style=\"border: 1px solid #cccccc; padding: 5px; width: 24.6306%; height: 48px;\">C\u00e9lestin MPOYI MABIKA<\/td>\n<td style=\"border: 1px solid #cccccc; padding: 5px; width: 62.4016%; text-align: left; height: 48px;\">Th\u00e9r\u00e8se de Lisieux, une spiritualit\u00e9 d&#8217;amour et de simplicit\u00e9, Paradigme de r\u00e9flexion pour une spiritualit\u00e9 des Bantu en R. D. Congo.<\/td>\n<\/tr>\n<tr style=\"height: 48px;\">\n<td style=\"border: 1px solid #cccccc; padding: 5px; width: 12.5161%; height: 48px;\">1\/05\/2020<\/td>\n<td style=\"border: 1px solid #cccccc; padding: 5px; width: 24.6306%; height: 48px;\">Marco VITALE DI MAIO<\/td>\n<td style=\"border: 1px solid #cccccc; padding: 5px; width: 62.4016%; text-align: left; height: 48px;\">Il contributo degli Esercizi spirituali di S. Ignazio di Loyola alla formazione affettivo-relazionale del presbitero diocesano.<\/td>\n<\/tr>\n<tr style=\"height: 48px;\">\n<td style=\"border: 1px solid #cccccc; padding: 5px; width: 12.5161%; height: 48px;\">05\/11\/2019<\/td>\n<td style=\"border: 1px solid #cccccc; padding: 5px; width: 24.6306%; height: 48px;\">Rosalba BARTOLETTI<\/td>\n<td style=\"border: 1px solid #cccccc; padding: 5px; width: 62.4016%; text-align: left; height: 48px;\">L\u2019inquietudine dei sensi e l\u2019ansia dell&#8217;anima nell&#8217;immaginario ferito dei giovani atei. Il dubbio tra inganno demoniaco e assenza di Dio in san Giovanni della Croce.<\/td>\n<\/tr>\n<tr style=\"height: 24px;\">\n<td style=\"border: 1px solid #cccccc; padding: 5px; width: 12.5161%; height: 24px;\">31\/10\/2019<\/td>\n<td style=\"border: 1px solid #cccccc; padding: 5px; width: 24.6306%; height: 24px;\">Paride BOVE<\/td>\n<td style=\"border: 1px solid #cccccc; padding: 5px; width: 62.4016%; text-align: left; height: 24px;\">La dimensione ascetica del presbitero nel Magistero di Benedetto XVI.<\/td>\n<\/tr>\n<tr style=\"height: 48px;\">\n<td style=\"border: 1px solid #cccccc; padding: 5px; width: 12.5161%; height: 48px;\">09\/04\/2019<\/td>\n<td style=\"border: 1px solid #cccccc; padding: 5px; width: 24.6306%; height: 48px;\">Gilbert NIYONGABO<\/td>\n<td style=\"border: 1px solid #cccccc; padding: 5px; width: 62.4016%; text-align: left; height: 48px;\">La r\u00e9conciliation de l\u2019homme avec Dieu dans les <em>Confessions<\/em> de saint Augustin. Spiritualit\u00e9 pour une \u00c9glise qui soit dans le monde signe efficace d\u2019union avec Dieu et d\u2019unit\u00e9 entre ses cr\u00e9atures.<\/td>\n<\/tr>\n<tr style=\"height: 24px;\">\n<td style=\"border: 1px solid #cccccc; padding: 5px; width: 12.5161%; height: 24px;\">29\/05\/2013<\/td>\n<td style=\"border: 1px solid #cccccc; padding: 5px; width: 24.6306%; height: 24px;\">Arkadiusz Jacek STAWSKI<\/td>\n<td style=\"border: 1px solid #cccccc; padding: 5px; width: 62.4016%; height: 24px;\">Messaggio religioso-spirituale della Manna<\/td>\n<\/tr>\n<\/tbody>\n<\/table>\n<p>&nbsp;<\/p>\n<p>&nbsp;<\/p>\n[\/vc_column_text][\/vc_column][\/vc_row]","protected":false},"excerpt":{"rendered":"<p>[vc_row][vc_column][vc_column_text] &nbsp; Starting Date Student Name Dissertation Title 12\/10\/2022 Bertrand RAFENOMBOLAMANANA HARISON Camminare insieme verso la santit\u00e0 con e nella [&hellip;]<\/p>\n","protected":false},"author":2,"featured_media":0,"parent":141,"menu_order":0,"comment_status":"closed","ping_status":"closed","template":"page-specializzazioneteologiaspiritualedottorato.php","meta":{"footnotes":""},"_links":{"self":[{"href":"https:\/\/www.teresianum.net\/en\/wp-json\/wp\/v2\/pages\/20672"}],"collection":[{"href":"https:\/\/www.teresianum.net\/en\/wp-json\/wp\/v2\/pages"}],"about":[{"href":"https:\/\/www.teresianum.net\/en\/wp-json\/wp\/v2\/types\/page"}],"author":[{"embeddable":true,"href":"https:\/\/www.teresianum.net\/en\/wp-json\/wp\/v2\/users\/2"}],"replies":[{"embeddable":true,"href":"https:\/\/www.teresianum.net\/en\/wp-json\/wp\/v2\/comments?post=20672"}],"version-history":[{"count":26,"href":"https:\/\/www.teresianum.net\/en\/wp-json\/wp\/v2\/pages\/20672\/revisions"}],"predecessor-version":[{"id":198440,"href":"https:\/\/www.teresianum.net\/en\/wp-json\/wp\/v2\/pages\/20672\/revisions\/198440"}],"up":[{"embeddable":true,"href":"https:\/\/www.teresianum.net\/en\/wp-json\/wp\/v2\/pages\/141"}],"wp:attachment":[{"href":"https:\/\/www.teresianum.net\/en\/wp-json\/wp\/v2\/media?parent=20672"}],"curies":[{"name":"wp","href":"https:\/\/api.w.org\/{rel}","templated":true}]}}